{"id":23,"date":"2012-04-24T15:31:58","date_gmt":"2012-04-24T15:31:58","guid":{"rendered":"http:\/\/www.unsecondsouffle.com\/inscription\/?page_id=23"},"modified":"2026-04-07T11:16:20","modified_gmt":"2026-04-07T15:16:20","slug":"bienvenue","status":"publish","type":"page","link":"https:\/\/www.inscriptionenligne.ca\/dixdecoeur\/","title":{"rendered":"Bienvenue"},"content":{"rendered":"<p>[et_pb_section fb_built=\u00a0\u00bb1&Prime; _builder_version=\u00a0\u00bb4.16&Prime; _module_preset=\u00a0\u00bbdefault\u00a0\u00bb custom_margin=\u00a0\u00bb5px||5px||false|false\u00a0\u00bb custom_padding=\u00a0\u00bb0px||0px||false|false\u00a0\u00bb global_colors_info=\u00a0\u00bb{}\u00a0\u00bb][et_pb_row _builder_version=\u00a0\u00bb4.16&Prime; _module_preset=\u00a0\u00bbdefault\u00a0\u00bb custom_margin=\u00a0\u00bb0px||0px||false|false\u00a0\u00bb custom_padding=\u00a0\u00bb0px||0px||false|false\u00a0\u00bb global_colors_info=\u00a0\u00bb{}\u00a0\u00bb][et_pb_column type=\u00a0\u00bb4_4&Prime; _builder_version=\u00a0\u00bb4.16&Prime; _module_preset=\u00a0\u00bbdefault\u00a0\u00bb global_colors_info=\u00a0\u00bb{}\u00a0\u00bb][et_pb_text admin_label=\u00a0\u00bbTexte\u00a0\u00bb _builder_version=\u00a0\u00bb4.16&Prime; _module_preset=\u00a0\u00bbdefault\u00a0\u00bb header_2_text_align=\u00a0\u00bbcenter\u00a0\u00bb custom_margin=\u00a0\u00bb0px||0px||false|false\u00a0\u00bb custom_padding=\u00a0\u00bb||0px||false|false\u00a0\u00bb global_colors_info=\u00a0\u00bb{}\u00a0\u00bb]<\/p>\n<h2 style=\"text-align: center;\"><strong>INSCRIPTIONS\u00a0<\/strong><\/h2>\n<p>[\/et_pb_text][\/et_pb_column][\/et_pb_row][et_pb_row column_structure=\u00a0\u00bb1_4,1_4,1_4,1_4&Prime; _builder_version=\u00a0\u00bb4.16&Prime; _module_preset=\u00a0\u00bbdefault\u00a0\u00bb custom_margin=\u00a0\u00bb5px||5px||false|false\u00a0\u00bb custom_padding=\u00a0\u00bb5px||5px||false|false\u00a0\u00bb global_colors_info=\u00a0\u00bb{}\u00a0\u00bb][et_pb_column type=\u00a0\u00bb1_4&Prime; _builder_version=\u00a0\u00bb4.16&Prime; _module_preset=\u00a0\u00bbdefault\u00a0\u00bb global_colors_info=\u00a0\u00bb{}\u00a0\u00bb][et_pb_button button_url=\u00a0\u00bbhttps:\/\/www.inscriptionenligne.ca\/dixdecoeur\/inscription-en-ligne\/\u00a0\u00bb button_text=\u00a0\u00bbINDIVIDUELLE\u00a0\u00bb button_alignment=\u00a0\u00bbcenter\u00a0\u00bb _builder_version=\u00a0\u00bb4.16&Prime; _module_preset=\u00a0\u00bbdefault\u00a0\u00bb custom_button=\u00a0\u00bbon\u00a0\u00bb button_text_size=\u00a0\u00bb16px\u00a0\u00bb button_text_color=\u00a0\u00bb#FFFFFF\u00a0\u00bb button_bg_color=\u00a0\u00bb#0C71C3&Prime; button_border_width=\u00a0\u00bb1px\u00a0\u00bb button_border_color=\u00a0\u00bb#000000&Prime; button_icon=\u00a0\u00bb&#x24;||divi||400&Prime; button_icon_color=\u00a0\u00bb#FFFFFF\u00a0\u00bb background_layout=\u00a0\u00bbdark\u00a0\u00bb custom_css_main_element=\u00a0\u00bbmin-width: 190px;\u00a0\u00bb global_colors_info=\u00a0\u00bb{}\u00a0\u00bb][\/et_pb_button][\/et_pb_column][et_pb_column type=\u00a0\u00bb1_4&Prime; _builder_version=\u00a0\u00bb4.16&Prime; _module_preset=\u00a0\u00bbdefault\u00a0\u00bb global_colors_info=\u00a0\u00bb{}\u00a0\u00bb][et_pb_button button_url=\u00a0\u00bbhttps:\/\/www.inscriptionenligne.ca\/dixdecoeur\/inscription-en-ligne-2\/\u00a0\u00bb button_text=\u00a0\u00bbMULTIPLE\u00a0\u00bb button_alignment=\u00a0\u00bbcenter\u00a0\u00bb _builder_version=\u00a0\u00bb4.27.2&Prime; _module_preset=\u00a0\u00bbdefault\u00a0\u00bb custom_button=\u00a0\u00bbon\u00a0\u00bb button_text_size=\u00a0\u00bb16px\u00a0\u00bb button_text_color=\u00a0\u00bb#FFFFFF\u00a0\u00bb button_bg_color=\u00a0\u00bb#0C71C3&Prime; button_border_width=\u00a0\u00bb1px\u00a0\u00bb button_border_color=\u00a0\u00bb#000000&Prime; button_icon=\u00a0\u00bb&#x24;||divi||400&Prime; button_icon_color=\u00a0\u00bb#FFFFFF\u00a0\u00bb background_layout=\u00a0\u00bbdark\u00a0\u00bb custom_css_main_element=\u00a0\u00bbmin-width: 190px;\u00a0\u00bb global_colors_info=\u00a0\u00bb{}\u00a0\u00bb][\/et_pb_button][\/et_pb_column][et_pb_column type=\u00a0\u00bb1_4&Prime; _builder_version=\u00a0\u00bb4.16&Prime; _module_preset=\u00a0\u00bbdefault\u00a0\u00bb global_colors_info=\u00a0\u00bb{}\u00a0\u00bb][et_pb_button button_url=\u00a0\u00bbhttps:\/\/www.inscriptionenligne.ca\/dixdecoeur\/supporter-une-equipe\/\u00a0\u00bb button_text=\u00a0\u00bbDON\u00a0\u00bb button_alignment=\u00a0\u00bbcenter\u00a0\u00bb _builder_version=\u00a0\u00bb4.27.0&Prime; _module_preset=\u00a0\u00bbdefault\u00a0\u00bb custom_button=\u00a0\u00bbon\u00a0\u00bb button_text_size=\u00a0\u00bb16px\u00a0\u00bb button_text_color=\u00a0\u00bb#FFFFFF\u00a0\u00bb button_bg_color=\u00a0\u00bb#0C71C3&Prime; button_border_width=\u00a0\u00bb1px\u00a0\u00bb button_border_color=\u00a0\u00bb#000000&Prime; button_icon=\u00a0\u00bb&#x24;||divi||400&Prime; button_icon_color=\u00a0\u00bb#FFFFFF\u00a0\u00bb background_layout=\u00a0\u00bbdark\u00a0\u00bb custom_css_main_element=\u00a0\u00bbmin-width: 190px;\u00a0\u00bb global_colors_info=\u00a0\u00bb{}\u00a0\u00bb][\/et_pb_button][\/et_pb_column][et_pb_column type=\u00a0\u00bb1_4&Prime; _builder_version=\u00a0\u00bb4.16&Prime; _module_preset=\u00a0\u00bbdefault\u00a0\u00bb global_colors_info=\u00a0\u00bb{}\u00a0\u00bb][et_pb_button button_url=\u00a0\u00bbhttps:\/\/www.inscriptionenligne.ca\/dixdecoeur\/creer-une-equipe\/\u00a0\u00bb button_text=\u00a0\u00bbD\u00c9FI \u00c9QUIPE\u00a0\u00bb button_alignment=\u00a0\u00bbcenter\u00a0\u00bb _builder_version=\u00a0\u00bb4.27.2&Prime; _module_preset=\u00a0\u00bbdefault\u00a0\u00bb custom_button=\u00a0\u00bbon\u00a0\u00bb button_text_size=\u00a0\u00bb16px\u00a0\u00bb button_text_color=\u00a0\u00bb#FFFFFF\u00a0\u00bb button_bg_color=\u00a0\u00bb#0C71C3&Prime; button_border_width=\u00a0\u00bb1px\u00a0\u00bb button_border_color=\u00a0\u00bb#000000&Prime; button_icon=\u00a0\u00bb&#x24;||divi||400&Prime; button_icon_color=\u00a0\u00bb#FFFFFF\u00a0\u00bb background_layout=\u00a0\u00bbdark\u00a0\u00bb custom_css_main_element=\u00a0\u00bbmin-width: 190px;\u00a0\u00bb global_colors_info=\u00a0\u00bb{}\u00a0\u00bb][\/et_pb_button][\/et_pb_column][\/et_pb_row][et_pb_row _builder_version=\u00a0\u00bb4.27.0&Prime; _module_preset=\u00a0\u00bbdefault\u00a0\u00bb global_colors_info=\u00a0\u00bb{}\u00a0\u00bb][et_pb_column type=\u00a0\u00bb4_4&Prime; _builder_version=\u00a0\u00bb4.27.0&Prime; _module_preset=\u00a0\u00bbdefault\u00a0\u00bb global_colors_info=\u00a0\u00bb{}\u00a0\u00bb][et_pb_button button_url=\u00a0\u00bbhttps:\/\/www.inscriptionenligne.ca\/dixdecoeur\/creer-une-equipe\/\u00a0\u00bb button_text=\u00a0\u00bbCR\u00c9ER UNE \u00c9QUIPE ET SOUTENEZ L&rsquo;ORGANISME\u00a0\u00bb button_alignment=\u00a0\u00bbcenter\u00a0\u00bb _builder_version=\u00a0\u00bb4.27.2&Prime; _module_preset=\u00a0\u00bbdefault\u00a0\u00bb custom_button=\u00a0\u00bbon\u00a0\u00bb button_text_size=\u00a0\u00bb36px\u00a0\u00bb button_text_color=\u00a0\u00bb#f2747b\u00a0\u00bb button_bg_color=\u00a0\u00bb#000000&Prime; button_icon=\u00a0\u00bb&#xe031;||divi||400&Prime; locked=\u00a0\u00bboff\u00a0\u00bb global_colors_info=\u00a0\u00bb{}\u00a0\u00bb button_bg_color__hover_enabled=\u00a0\u00bbon|desktop\u00a0\u00bb button_bg_color__hover=\u00a0\u00bb#000000&Prime;][\/et_pb_button][\/et_pb_column][\/et_pb_row][et_pb_row _builder_version=\u00a0\u00bb4.16&Prime; _module_preset=\u00a0\u00bbdefault\u00a0\u00bb global_colors_info=\u00a0\u00bb{}\u00a0\u00bb][et_pb_column type=\u00a0\u00bb4_4&Prime; _builder_version=\u00a0\u00bb4.16&Prime; _module_preset=\u00a0\u00bbdefault\u00a0\u00bb global_colors_info=\u00a0\u00bb{}\u00a0\u00bb][et_pb_divider _builder_version=\u00a0\u00bb4.16&Prime; _module_preset=\u00a0\u00bbdefault\u00a0\u00bb global_colors_info=\u00a0\u00bb{}\u00a0\u00bb][\/et_pb_divider][et_pb_text _builder_version=\u00a0\u00bb4.27.4&Prime; _module_preset=\u00a0\u00bbdefault\u00a0\u00bb header_2_font=\u00a0\u00bb|||on|||||\u00a0\u00bb header_2_text_align=\u00a0\u00bbcenter\u00a0\u00bb header_2_text_color=\u00a0\u00bb#0C71C3&Prime; header_2_font_size=\u00a0\u00bb36px\u00a0\u00bb header_2_text_shadow_style=\u00a0\u00bbpreset1&Prime; global_colors_info=\u00a0\u00bb{}\u00a0\u00bb]<\/p>\n<h2><strong>Samedi 9 mai 2026<\/strong><\/h2>\n<p>[\/et_pb_text][et_pb_text _builder_version=\u00a0\u00bb4.24.1&Prime; _module_preset=\u00a0\u00bbdefault\u00a0\u00bb global_colors_info=\u00a0\u00bb{}\u00a0\u00bb]<\/p>\n<h2 style=\"text-align: center;\"><strong>INFO-COURSE<\/strong><\/h2>\n<p>[\/et_pb_text][\/et_pb_column][\/et_pb_row][et_pb_row column_structure=\u00a0\u00bb1_2,1_2&Prime; disabled_on=\u00a0\u00bbon|on|on\u00a0\u00bb _builder_version=\u00a0\u00bb4.16&Prime; _module_preset=\u00a0\u00bbdefault\u00a0\u00bb disabled=\u00a0\u00bbon\u00a0\u00bb global_colors_info=\u00a0\u00bb{}\u00a0\u00bb][et_pb_column type=\u00a0\u00bb1_2&Prime; _builder_version=\u00a0\u00bb4.16&Prime; _module_preset=\u00a0\u00bbdefault\u00a0\u00bb global_colors_info=\u00a0\u00bb{}\u00a0\u00bb][et_pb_text _builder_version=\u00a0\u00bb4.16&Prime; _module_preset=\u00a0\u00bbdefault\u00a0\u00bb global_colors_info=\u00a0\u00bb{}\u00a0\u00bb]<\/p>\n<h3><strong>Horaire :<\/strong><\/h3>\n<ul>\n<li>8h30 D\u00e9part du 21.1 km (Course seulement)<\/li>\n<li>8h45 D\u00e9part du 10 km (Course seulement)<\/li>\n<li>9h00 D\u00e9part du 5 km (Chronom\u00e9tr\u00e9)<\/li>\n<li>9h05 D\u00e9part du 5 km (Non-Chronom\u00e9tr\u00e9)<\/li>\n<li>11h15 D\u00e9part du 1 km (Course et marche)\u200b<\/li>\n<li>11h15 D\u00e9part du 1 km (Course et marche)<\/li>\n<\/ul>\n<h3><strong>R\u00e9cup\u00e9ration des Dossards<\/strong><\/h3>\n<p>Carrefour Frontenac, 805 Boul. Frontenac, Thetford Mines, G6G 6L5 dans le mail central face au Sport Expert<\/p>\n<ul>\n<li>Vendredi 28 ao\u00fbt entre 16h00 et 21h00<\/li>\n<li>Samedi 29 ao\u00fbt : entre 10h00 et 16h00<\/li>\n<\/ul>\n<p>Pour tous les autres, sur place le jour de l&rsquo;\u00e9v\u00e9nement \u00e0 partir de 7 heures am<\/br><\/br><\/p>\n<h3><strong>Services<\/strong><\/h3>\n<li>Point d&rsquo;eau<\/li>\n<li>Bornes kilom\u00e9triques<\/li>\n<li>Vestiaire<\/li>\n<li>Toilettes<\/li>\n<li>Douches<\/li>\n<li>Animation<\/li>\n<li>Jeux gonflables<\/li>\n<li>M\u00e9dailles de participation<\/li>\n<li>Stationnement<\/li>\n<li>Photos<\/li>\n<li>Inscription sur place<\/li>\n<li>Chronom\u00e9trage<\/li>\n<p>[\/et_pb_text][\/et_pb_column][et_pb_column type=\u00a0\u00bb1_2&Prime; _builder_version=\u00a0\u00bb4.16&Prime; _module_preset=\u00a0\u00bbdefault\u00a0\u00bb global_colors_info=\u00a0\u00bb{}\u00a0\u00bb][et_pb_text _builder_version=\u00a0\u00bb4.16&Prime; _module_preset=\u00a0\u00bbdefault\u00a0\u00bb global_colors_info=\u00a0\u00bb{}\u00a0\u00bb]<\/p>\n<h3>Horaire et mesures sanitaires<strong>:<\/strong><\/h3>\n<p>\ud83c\udf35 Arrivez 15 min avant votre d\u00e9part avec le formulaire de pr\u00e9vention des blessures sign\u00e9. (vous ne devez avoir aucun sympt\u00f4me du Covid-19)<br \/>\n\ud83c\udf35 Lavage de main obligatoire \u00e0 l&rsquo;arriv\u00e9e et \u00e0 tous les KM.<br \/>\n\ud83c\udf35 Premier d\u00e9part 10h groupe de 25 chaque 15 minutes.<br \/>\n\ud83c\udf35 Conservez toujours la distanciation sociale avec les autres participants<br \/>\n\ud83c\udf35 \u00c0 l&rsquo;arriv\u00e9e vous prendrez vous-m\u00eame votre portion individuelle de nachos et votre superbe m\u00e9daille<br \/>\n\ud83c\udf35 Apr\u00e8s votre parcours, vous ne pourrez rester sur le terrain plus de 15 MINUTES afin de ne pas cr\u00e9er de rassemblement.<\/p>\n<p><strong>Bon d\u00e9fis \u00e0 tous!<\/strong><\/p>\n<p>[\/et_pb_text][\/et_pb_column][\/et_pb_row][et_pb_row disabled_on=\u00a0\u00bboff|off|off\u00a0\u00bb _builder_version=\u00a0\u00bb4.16&Prime; _module_preset=\u00a0\u00bbdefault\u00a0\u00bb global_colors_info=\u00a0\u00bb{}\u00a0\u00bb][et_pb_column type=\u00a0\u00bb4_4&Prime; _builder_version=\u00a0\u00bb4.16&Prime; _module_preset=\u00a0\u00bbdefault\u00a0\u00bb global_colors_info=\u00a0\u00bb{}\u00a0\u00bb][et_pb_text _builder_version=\u00a0\u00bb4.27.4&Prime; _module_preset=\u00a0\u00bbdefault\u00a0\u00bb custom_margin=\u00a0\u00bb5px||||false|false\u00a0\u00bb custom_padding=\u00a0\u00bb5px||||false|false\u00a0\u00bb global_colors_info=\u00a0\u00bb{}\u00a0\u00bb]<\/p>\n<p>Le Dix de c\u0153ur, c\u2019est plus qu\u2019une simple course! Depuis 40 ans, l&rsquo;\u00e9v\u00e9nement rassemble des sportifs de tous les niveaux qui d\u00e9sirent repousser leurs limites. L&rsquo;\u00e9dition 2026 promet d&rsquo;\u00eatre un moment rassembleur. Tous les profits amass\u00e9s lors de cet \u00e9v\u00e9nement seront enti\u00e8rement remis \u00e0 <strong>l&rsquo;organisme Cardi-O-Forme Saguenay<\/strong>. Cet organisme a pour mission de soutenir et d&rsquo;accompagner des personnes atteintes de maladies chroniques, cardiovasculaires et pulmonaires. Gr\u00e2ce \u00e0 son action, 600 personnes b\u00e9n\u00e9ficient annuellement de services essentiels pour am\u00e9liorer leur qualit\u00e9 de vie.<\/p>\n<p>Pr\u00e8s de <strong>2500 coureurs et marcheurs<\/strong> tous \u00e2ges sont attendus afin de participer \u00e0 l\u2019une des <strong>6 \u00e9preuves<\/strong> inscrites au programme (1 et 2,5 km de course enfant, 5 et 10 km de course, 5 et 10 km de marche). Le coup d\u2019envoi des diff\u00e9rentes comp\u00e9titions se fera \u00e0 partir de 8h30 au NCSM Champlain, R\u00e9serve navale de Saguenay le Samedi 9 mai 2026.<\/p>\n<p><strong>Pr\u00eat \u00e0 relever le d\u00e9fi? C\u2019est parti, inscrivez-vous d\u00e8s maintenant!<\/strong><\/p>\n<p><strong>MAXIMUM DE 2500 participants pour cette \u00e9dition<\/strong><\/p>\n<p>[\/et_pb_text][dvmd_table_maker tbl_title_mode=\u00a0\u00bbon\u00a0\u00bb tbl_title_text=\u00a0\u00bbTARIFS\u00a0\u00bb tbl_column_header_count=\u00a0\u00bb0&Prime; tbl_responsive_mode=\u00a0\u00bboff\u00a0\u00bb tbl_scrolling_active=\u00a0\u00bbon\u00a0\u00bb tbl_scrolling_row_sticky=\u00a0\u00bbon\u00a0\u00bb tbl_tcell_cell_align_horz=\u00a0\u00bbcenter\u00a0\u00bb tbl_tcell_cell_align_vert=\u00a0\u00bbcenter\u00a0\u00bb tbl_chead_cell_align_vert=\u00a0\u00bbcenter\u00a0\u00bb _builder_version=\u00a0\u00bb4.27.5&Prime; _module_preset=\u00a0\u00bbdefault\u00a0\u00bb tbl_title_level=\u00a0\u00bbh3&Prime; tbl_title_font=\u00a0\u00bb|700|||||||\u00a0\u00bb hover_enabled=\u00a0\u00bb0&Prime; locked=\u00a0\u00bboff\u00a0\u00bb global_colors_info=\u00a0\u00bb{}\u00a0\u00bb sticky_enabled=\u00a0\u00bb0&Prime;][dvmd_table_maker_item col_content=\u00a0\u00bb\u00c9preuves<br \/>\nCOURSE<br \/>\n1 km Course (0 ans \u00e0 13 ans)<br \/>\n2.5 km Course (6 \u00e0 17 ans)<br \/>\n5 km Course (17 ans et -)<br \/>\n10 km Course (17 ans et -)<br \/>\n2.5 km (18 ans et +)<br \/>\n5 km (18 ans et +)<br \/>\n10 km (18 ans et +)<br \/>\nMARCHE<br \/>\n5 km Marche (17 ans et -)<br \/>\n10 km Marche (17 ans et -)<br \/>\n5 km  Marche (18 ans et +)<br \/>\n10 km Marche (18 ans et +)\u00a0\u00bb col_tcell_cell_align_horz=\u00a0\u00bbleft\u00a0\u00bb col_tcell_cell_align_vert=\u00a0\u00bbleft\u00a0\u00bb _builder_version=\u00a0\u00bb4.27.4&Prime; _module_preset=\u00a0\u00bbdefault\u00a0\u00bb global_colors_info=\u00a0\u00bb{}\u00a0\u00bb][\/dvmd_table_maker_item][dvmd_table_maker_item col_content=\u00a0\u00bbJusqu&rsquo;au 4 mai 20h00<\/p>\n<p>18$<br \/>\n18$<br \/>\n28$<br \/>\n28$<br \/>\n55$<br \/>\n55$<br \/>\n55$<\/p>\n<p>28$<br \/>\n28$<br \/>\n55$<br \/>\n55$\u00a0\u00bb _builder_version=\u00a0\u00bb4.27.5&Prime; _module_preset=\u00a0\u00bbdefault\u00a0\u00bb global_colors_info=\u00a0\u00bb{}\u00a0\u00bb][\/dvmd_table_maker_item][\/dvmd_table_maker][dvmd_table_maker tbl_title_mode=\u00a0\u00bbon\u00a0\u00bb tbl_title_text=\u00a0\u00bbTARIFS\u00a0\u00bb tbl_column_header_count=\u00a0\u00bb0&Prime; tbl_responsive_mode=\u00a0\u00bboff\u00a0\u00bb tbl_scrolling_active=\u00a0\u00bbon\u00a0\u00bb tbl_scrolling_row_sticky=\u00a0\u00bbon\u00a0\u00bb tbl_tcell_cell_align_horz=\u00a0\u00bbcenter\u00a0\u00bb tbl_tcell_cell_align_vert=\u00a0\u00bbcenter\u00a0\u00bb tbl_chead_cell_align_vert=\u00a0\u00bbcenter\u00a0\u00bb _builder_version=\u00a0\u00bb4.27.5&Prime; _module_preset=\u00a0\u00bbdefault\u00a0\u00bb tbl_title_level=\u00a0\u00bbh3&Prime; tbl_title_font=\u00a0\u00bb|700|||||||\u00a0\u00bb locked=\u00a0\u00bboff\u00a0\u00bb global_colors_info=\u00a0\u00bb{}\u00a0\u00bb disabled_on=\u00a0\u00bbon|on|on\u00a0\u00bb disabled=\u00a0\u00bbon\u00a0\u00bb][dvmd_table_maker_item col_content=\u00a0\u00bb\u00c9preuves<br \/>\nCOURSE<br \/>\n1 km Course (0 ans \u00e0 13 ans)<br \/>\n2.5 km Course (6 \u00e0 17 ans)<br \/>\n5 km Course (17 ans et -)<br \/>\n10 km Course (17 ans et -)<br \/>\n2.5 km (18 ans et +)<br \/>\n5 km (18 ans et +)<br \/>\n10 km (18 ans et +)<br \/>\nMARCHE<br \/>\n5 km Marche (17 ans et -)<br \/>\n10 km Marche (17 ans et -)<br \/>\n5 km  Marche (18 ans et +)<br \/>\n10 km Marche (18 ans et +)\u00a0\u00bb col_tcell_cell_align_horz=\u00a0\u00bbleft\u00a0\u00bb col_tcell_cell_align_vert=\u00a0\u00bbleft\u00a0\u00bb _builder_version=\u00a0\u00bb4.27.4&Prime; _module_preset=\u00a0\u00bbdefault\u00a0\u00bb global_colors_info=\u00a0\u00bb{}\u00a0\u00bb][\/dvmd_table_maker_item][dvmd_table_maker_item col_content=\u00a0\u00bbJusqu&rsquo;au 31 mars<\/p>\n<p>15$<br \/>\n15$<br \/>\n25$<br \/>\n25$<br \/>\n48$<br \/>\n48$<br \/>\n48$<\/p>\n<p>25$<br \/>\n25$<br \/>\n48$<br \/>\n48$\u00a0\u00bb _builder_version=\u00a0\u00bb4.27.5&Prime; _module_preset=\u00a0\u00bbdefault\u00a0\u00bb global_colors_info=\u00a0\u00bb{}\u00a0\u00bb][\/dvmd_table_maker_item][dvmd_table_maker_item col_content=\u00a0\u00bbJusqu&rsquo;au 4 mai 20h00<\/p>\n<p>18$<br \/>\n18$<br \/>\n28$<br \/>\n28$<br \/>\n55$<br \/>\n55$<br \/>\n55$<\/p>\n<p>28$<br \/>\n28$<br \/>\n55$<br \/>\n55$\u00a0\u00bb _builder_version=\u00a0\u00bb4.27.5&Prime; _module_preset=\u00a0\u00bbdefault\u00a0\u00bb global_colors_info=\u00a0\u00bb{}\u00a0\u00bb][\/dvmd_table_maker_item][\/dvmd_table_maker][et_pb_text _builder_version=\u00a0\u00bb4.27.3&Prime; _module_preset=\u00a0\u00bbdefault\u00a0\u00bb locked=\u00a0\u00bboff\u00a0\u00bb global_colors_info=\u00a0\u00bb{}\u00a0\u00bb]<\/p>\n<p><span>*Taxes (s\u2019il y a lieu) et frais d\u2019inscription en ligne en sus<\/span><\/p>\n<p>[\/et_pb_text][et_pb_text _builder_version=\u00a0\u00bb4.24.1&Prime; _module_preset=\u00a0\u00bbdefault\u00a0\u00bb custom_margin=\u00a0\u00bb5px||||false|false\u00a0\u00bb custom_padding=\u00a0\u00bb5px||||false|false\u00a0\u00bb global_colors_info=\u00a0\u00bb{}\u00a0\u00bb]<\/p>\n<h3><strong>LIEU<\/strong><\/h3>\n<p><span>NCSM Champlain, R\u00e9serve navale de Saguenay, 405 Bd du Saguenay E, Chicoutimi, QC G7H 7R4<\/span><br \/>\n<i class=\"fa fa-map-marker\" style=\"font-size: 24px;\"><\/i><a href=\"https:\/\/maps.app.goo.gl\/iXyo9oEoAi8A4Y3x8\" target=\"_blank\" rel=\"noopener\"> ITIN\u00c9RAIRE.<\/a><\/p>\n<p>[\/et_pb_text][et_pb_map address=\u00a0\u00bb405 Bd du Saguenay E, Chicoutimi, QC G7H 7R4, Canada\u00a0\u00bb address_lat=\u00a0\u00bb48.4301175&Prime; address_lng=\u00a0\u00bb-71.055888&Prime; disabled_on=\u00a0\u00bboff|off|off\u00a0\u00bb _builder_version=\u00a0\u00bb4.23.1&Prime; _module_preset=\u00a0\u00bbdefault\u00a0\u00bb custom_margin=\u00a0\u00bb5px||5px||false|false\u00a0\u00bb custom_padding=\u00a0\u00bb5px||5px||false|false\u00a0\u00bb global_colors_info=\u00a0\u00bb{}\u00a0\u00bb][\/et_pb_map][\/et_pb_column][\/et_pb_row][et_pb_row column_structure=\u00a0\u00bb1_2,1_2&Prime; disabled_on=\u00a0\u00bboff|off|off\u00a0\u00bb _builder_version=\u00a0\u00bb4.16&Prime; _module_preset=\u00a0\u00bbdefault\u00a0\u00bb global_colors_info=\u00a0\u00bb{}\u00a0\u00bb][et_pb_column type=\u00a0\u00bb1_2&Prime; _builder_version=\u00a0\u00bb4.16&Prime; _module_preset=\u00a0\u00bbdefault\u00a0\u00bb global_colors_info=\u00a0\u00bb{}\u00a0\u00bb][et_pb_text _builder_version=\u00a0\u00bb4.27.5&Prime; _module_preset=\u00a0\u00bbdefault\u00a0\u00bb custom_margin=\u00a0\u00bb5px||||false|false\u00a0\u00bb custom_padding=\u00a0\u00bb5px||||false|false\u00a0\u00bb global_colors_info=\u00a0\u00bb{}\u00a0\u00bb]<\/p>\n<h3><strong>HORAIRE<\/strong><\/h3>\n<div>\n<div>\n<p><span data-olk-copy-source=\"MessageBody\">\u00c9tant donn\u00e9 le tr\u00e8s grand nombre de participant pour la course du 1km, il y aura deux d\u00e9parts. Voici donc l&rsquo;horaire officielle.<\/span><\/p>\n<\/div>\n<div>\n<ul>\n<li><strong>8h30<\/strong> : 1km course ( <strong>1ere<\/strong> Vague \u2013 6 ans et plus )<\/li>\n<li><strong>8h50<\/strong>: 1 km course ( <strong>2i\u00e8me<\/strong> vague \u2013 6 ans et moins )<\/li>\n<li><strong>9h10<\/strong>: 2,5 km course<\/li>\n<li><strong>9h20<\/strong> : 2,5 km marche ( Exclusivement pour les participants de Cardi-O-Forme<\/li>\n<li><strong>9h40<\/strong>: 10 km marche<\/li>\n<li><strong>10h00<\/strong>: 5 km marche ( d\u00e9parts par vague pour diminuer le temps d\u2019attente \u00e0 la traverse )<\/li>\n<li><strong>10h15<\/strong>: 10 km course<\/li>\n<li><strong>10h30<\/strong>: 5 km course<\/li>\n<\/ul>\n<\/div>\n<div>\n<p><span>** les enfants d&rsquo;une m\u00eame famille pourront courir ensemble.<\/span><\/p>\n<\/div>\n<\/div>\n<p>Les parents peuvent courir Gratuitement avec leurs enfants inscrits au 1 km.<\/p>\n<p>[\/et_pb_text][et_pb_text _builder_version=\u00a0\u00bb4.27.4&Prime; _module_preset=\u00a0\u00bbdefault\u00a0\u00bb global_colors_info=\u00a0\u00bb{}\u00a0\u00bb]<\/p>\n<h3><strong>INCLUS<\/strong><\/h3>\n<ul>\n<li><span>Collation apr\u00e8s la course<\/span>\u00a0(dossard exig\u00e9)<\/li>\n<li>Dossard<\/li>\n<li>Chronom\u00e9trage par puce \u00e9lectronique<\/li>\n<\/ul>\n<p>[\/et_pb_text][et_pb_text _builder_version=\u00a0\u00bb4.27.4&Prime; _module_preset=\u00a0\u00bbdefault\u00a0\u00bb global_colors_info=\u00a0\u00bb{}\u00a0\u00bb]<\/p>\n<p><span data-olk-copy-source=\"MessageBody\">Possibilit\u00e9 d\u2019acheter une m\u00e9daille\u00a0<strong>au co\u00fbt de 10$<\/strong>\u00a0lors de votre inscription sur le site!<\/span><span><\/span><\/p>\n<p><b><span>Cette ann\u00e9e , nous sommes tr\u00e8s fiers d&rsquo;offrir une m\u00e9daille \u00c9coresponsable.\u00a0Elle est gratuite pour tous les enfants de 16 ans et moins qui participent \u00e0 l&rsquo;une des \u00e9preuves du Dix de Coeur :\u00a0<\/span><\/b><span><a data-auth=\"NotApplicable\" rel=\"noopener noreferrer\" target=\"_blank\" href=\"https:\/\/www.encorebiomateriaux.com\/boutique\" data-linkindex=\"0\" title=\"https:\/\/www.encorebiomateriaux.com\/boutique\">https:\/\/www.encorebiomateriaux.com\/boutique<\/a>\u00a0<\/span><\/p>\n<p>[\/et_pb_text][et_pb_image src=\u00a0\u00bbhttps:\/\/www.inscriptionenligne.ca\/dixdecoeur\/wp-content\/uploads\/2025\/12\/medaille.png\u00a0\u00bb alt=\u00a0\u00bbM\u00e9daille Dix de Coeur\u00a0\u00bb title_text=\u00a0\u00bbmedaille\u00a0\u00bb show_in_lightbox=\u00a0\u00bbon\u00a0\u00bb src_tablet=\u00a0\u00bbhttps:\/\/www.inscriptionenligne.ca\/dixdecoeur\/wp-content\/uploads\/2025\/12\/medaille.png\u00a0\u00bb src_phone=\u00a0\u00bbhttps:\/\/www.inscriptionenligne.ca\/dixdecoeur\/wp-content\/uploads\/2025\/12\/medaille.png\u00a0\u00bb src_last_edited=\u00a0\u00bbon|desktop\u00a0\u00bb _builder_version=\u00a0\u00bb4.27.4&Prime; _module_preset=\u00a0\u00bbdefault\u00a0\u00bb width=\u00a0\u00bb58%\u00a0\u00bb module_alignment=\u00a0\u00bbleft\u00a0\u00bb global_colors_info=\u00a0\u00bb{}\u00a0\u00bb][\/et_pb_image][\/et_pb_column][et_pb_column type=\u00a0\u00bb1_2&Prime; _builder_version=\u00a0\u00bb4.16&Prime; _module_preset=\u00a0\u00bbdefault\u00a0\u00bb global_colors_info=\u00a0\u00bb{}\u00a0\u00bb][et_pb_text _builder_version=\u00a0\u00bb4.27.5&Prime; _module_preset=\u00a0\u00bbdefault\u00a0\u00bb global_colors_info=\u00a0\u00bb{}\u00a0\u00bb]<\/p>\n<ul>\n<li>Il n\u2019y a pas de limite de participant pour les \u00e9quipes.<\/li>\n<li>Aucune \u00e9quipe ne pourra s\u2019inscrire sur place.<\/li>\n<li>Il est INTERDIT de marcher\/courir avec son animal de compagnie.<\/li>\n<li>Les poussettes et chariots sont accept\u00e9s sur tous les parcours.<\/li>\n<li>Le 2,5 km est r\u00e9serv\u00e9 aux enfants seuls ou accompagn\u00e9s d\u2019un seul parent.<\/li>\n<li>Il y aura une vague des participants de Cardi-O-Forme pour le 2,5 km \u00e0 la marche<\/li>\n<li><span data-olk-copy-source=\"MessageBody\">Date limite pour vous procurez votre m\u00e9daille :\u00a0<b>1er MARS 2026<\/b><\/span><\/li>\n<li><span data-olk-copy-source=\"MessageBody\"><b><\/b><\/span><span><\/span><span>Pour avoir votre nom sur le dossard : Inscription avant<strong>\u00a0le 26 avril 2026\u00a0<\/strong><\/span><\/li>\n<\/ul>\n<p>[\/et_pb_text][et_pb_text _builder_version=\u00a0\u00bb4.27.4&Prime; _module_preset=\u00a0\u00bbdefault\u00a0\u00bb global_colors_info=\u00a0\u00bb{}\u00a0\u00bb]<\/p>\n<p><span>N<\/span><b>OUVEAUT\u00c9 CETTE ANN\u00c9E , MOITI\u00c9-MOITI\u00c9 :<\/b><span>\u00a0\u00a0<\/span><a data-auth=\"NotApplicable\" rel=\"noopener noreferrer\" target=\"_blank\" href=\"https:\/\/tirage.moitiemoitie.com\/165\" data-linkindex=\"1\" title=\"https:\/\/tirage.moitiemoitie.com\/165\">https:\/\/tirage.moitiemoitie.com\/165<\/a><\/p>\n<p>[\/et_pb_text][et_pb_image src=\u00a0\u00bbhttps:\/\/www.inscriptionenligne.ca\/dixdecoeur\/wp-content\/uploads\/2025\/11\/Visuelweb_Moitie-moitier_1200x630.png\u00a0\u00bb title_text=\u00a0\u00bbVisuelweb_Moitie-moitier_1200x630&Prime; url=\u00a0\u00bbhttps:\/\/tirage.moitiemoitie.com\/165&Prime; url_new_window=\u00a0\u00bbon\u00a0\u00bb _builder_version=\u00a0\u00bb4.27.4&Prime; _module_preset=\u00a0\u00bbdefault\u00a0\u00bb global_colors_info=\u00a0\u00bb{}\u00a0\u00bb][\/et_pb_image][et_pb_code _builder_version=\u00a0\u00bb4.27.4&Prime; _module_preset=\u00a0\u00bbdefault\u00a0\u00bb global_colors_info=\u00a0\u00bb{}\u00a0\u00bb]<\/p>\n<div class=\"fb-page\" data-href=\"https:\/\/www.facebook.com\/Ledixdecoeur\/\" data-tabs=\"timeline\" data-width=\"500\" data-height=\"450\" data-small-header=\"false\" data-adapt-container-width=\"true\" data-hide-cover=\"false\" data-show-facepile=\"true\">\n<blockquote cite=\"https:\/\/www.facebook.com\/Ledixdecoeur\/\" class=\"fb-xfbml-parse-ignore\"><p><a href=\"https:\/\/www.facebook.com\/Ledixdecoeur\/\">Le dix de coeur<\/a><\/p><\/blockquote>\n<\/div>\n<p>[\/et_pb_code][\/et_pb_column][\/et_pb_row][et_pb_row _builder_version=\u00a0\u00bb4.24.1&Prime; _module_preset=\u00a0\u00bbdefault\u00a0\u00bb global_colors_info=\u00a0\u00bb{}\u00a0\u00bb][et_pb_column type=\u00a0\u00bb4_4&Prime; _builder_version=\u00a0\u00bb4.24.1&Prime; _module_preset=\u00a0\u00bbdefault\u00a0\u00bb global_colors_info=\u00a0\u00bb{}\u00a0\u00bb][et_pb_text _builder_version=\u00a0\u00bb4.27.4&Prime; _module_preset=\u00a0\u00bbdefault\u00a0\u00bb global_colors_info=\u00a0\u00bb{}\u00a0\u00bb]<\/p>\n<h3><strong>DOSSARDS<\/strong><\/h3>\n<div class=\"x11i5rnm xat24cr x1mh8g0r x1vvkbs xtlvy1s x126k92a\">\n<div dir=\"auto\" style=\"text-align: start;\"><span class=\"html-span xexx8yu x4uap5 x18d9i69 xkhd6sd x1hl2dhg x16tdsg8 x1vvkbs x3nfvp2 x1j61x8r x1fcty0u xdj266r xat24cr xgzva0m xhhsvwb xxymvpz xlup9mm x1kky2od\"><img loading=\"lazy\" decoding=\"async\" alt=\"\ud83d\udccd\" class=\"xz74otr x168nmei x13lgxp2 x5pf9jr xo71vjh\" referrerpolicy=\"origin-when-cross-origin\" src=\"https:\/\/static.xx.fbcdn.net\/images\/emoji.php\/v9\/t2d\/1\/16\/1f4cd.png\" width=\"16\" height=\"16\" \/><\/span>\u00a0<b>\u00c0 VENIR<\/b><\/div>\n<\/div>\n<p><strong>\u00a0<\/strong><\/p>\n<p><!--<strong>Consignes :<\/strong><\/p>\n\n\n\n\n\n\n\n\n\n\n\n\n\n\n\n\n\n\n\n\n\n\n\n\n\n\n\n\n\n\n\n\n\n\n\n\n\n\n\n\n\n\n\n\n\n\n\n\n<p>Si des mesures sanitaires doivent \u00eatre appliqu\u00e9s, vous recevrez un courriel avant la journ\u00e9e de l'\u00e9v\u00e9nement<\/p>\n\n\n\n\n\n\n\n\n\n\n\n\n\n\n\n\n\n\n\n\n\n\n\n\n\n\n\n\n\n\n\n\n\n\n\n\n\n\n\n\n\n\n\n\n\n\n\n\n<p>Il n\u2019y aura pas de remboursement ni de report des inscriptions en cas d\u2019annulation de votre part.<\/p>\n\n\n\n\n\n\n\n\n\n\n\n\n\n\n\n\n\n\n\n\n\n\n\n\n\n\n\n\n\n\n\n\n\n\n\n\n\n\n\n\n\n\n\n\n\n\n\n\n<p>Un courriel d\u2019information sera envoy\u00e9 aux personnes inscrites pour les derni\u00e8res recommandations.--><\/p>\n<p>[\/et_pb_text][\/et_pb_column][\/et_pb_row][et_pb_row column_structure=\u00a0\u00bb1_2,1_2&Prime; _builder_version=\u00a0\u00bb4.24.3&Prime; _module_preset=\u00a0\u00bbdefault\u00a0\u00bb collapsed=\u00a0\u00bboff\u00a0\u00bb global_colors_info=\u00a0\u00bb{}\u00a0\u00bb][et_pb_column type=\u00a0\u00bb1_2&Prime; _builder_version=\u00a0\u00bb4.21.0&Prime; _module_preset=\u00a0\u00bbdefault\u00a0\u00bb global_colors_info=\u00a0\u00bb{}\u00a0\u00bb][et_pb_text disabled_on=\u00a0\u00bbon|on|on\u00a0\u00bb _builder_version=\u00a0\u00bb4.27.4&Prime; _module_preset=\u00a0\u00bbdefault\u00a0\u00bb disabled=\u00a0\u00bbon\u00a0\u00bb global_colors_info=\u00a0\u00bb{}\u00a0\u00bb]<\/p>\n<h2><span style=\"color: #000000;\">PARTICIPATIONS<\/span><\/h2>\n<p>[\/et_pb_text][et_pb_text disabled_on=\u00a0\u00bbon|on|on\u00a0\u00bb _builder_version=\u00a0\u00bb4.27.4&Prime; _module_preset=\u00a0\u00bbdefault\u00a0\u00bb custom_margin=\u00a0\u00bb2px||0px||false|false\u00a0\u00bb custom_padding=\u00a0\u00bb2px||0px||false|false\u00a0\u00bb disabled=\u00a0\u00bbon\u00a0\u00bb global_colors_info=\u00a0\u00bb{}\u00a0\u00bb]<\/p>\n<style>\r\n\t.thermometer_svg{}\r\n\t.therm_target{font-size: 16px; font-family: inherit; text-anchor: middle;}\r\n\t.therm_raised{font-size: 14px; font-family: inherit;}\r\n\t.therm_percent{font-family: inherit; text-anchor: middle; font-weight: bold;}\r\n\t.therm_subTarget{font-size: 14px; font-family: inherit;}\r\n\t.therm_legend{font-size: 12px; font-family: inherit;}\r\n\t.therm_majorTick{stroke-width: 2.5px; stroke: #000;}\r\n\t.therm_minorTick{stroke-width: 2.5px; stroke: #000;}\r\n\t.therm_border{stroke-width: 1.5px; stroke: #000; fill: transparent;}\r\n\t.therm_subTargetArrow{stroke: #8a8a8a; stroke-width: 0.2px; fill: #8a8a8a;}\r\n    .therm_raisedLevel{stroke-width: 1px; stroke: #000;}\r\n\t.therm_subRaisedLevel{stroke-width: 1px; stroke: #000;}\r\n\t.therm_arrow{stroke: #000; stroke-width: 0.2px; fill: #000;}\r\n\t.therm_subTargetLevel{stroke-width: 2.5px; stroke: #8a8a8a;}\r\n\t<\/style><div style=\"margin-bottom: 1.5em; height: 533px; width: 230.67540983607px; display:block; float:left;\"><svg xmlns=\"http:\/\/www.w3.org\/tr\/svg\" version=\"2\" x=0 y=0 width=\"230.67540983607\" height=\"533\" viewbox=\"0 0 132 305\" alt=\"Raised $85,117 towards the $40,000 target.\" preserveAspectRatio=\"xMidYMid\" class=\"thermometer_svg\"><defs><linearGradient id=\"ThermGrad_#d7191c_#d7191c\" x1=\"0\" x2=\"0\" y1=\"0\" y2=\"1\">\r\n          <stop style=\"stop-color: #d7191c\" offset=\"0%\" \/>\r\n          <stop style=\"stop-color: #d7191c\" offset=\"100%\" \/>\r\n        <\/linearGradient><filter id=\"f1\" x=\"-20%\" y=\"-20%\" height=\"150%\" width=\"150%\" filterUnits=\"objectBoundingBox\">\r\n        <feGaussianBlur in=\"SourceAlpha\" stdDeviation=\"3\" result=\"shadow\"\/> <!-- stdDeviation is how much to blur -->\r\n        <feOffset dx=\"1.8\" dy=\"1.8\" result=\"offsetblur\" in=\"shadow\"\/> <!-- how much to offset -->\r\n        <feComponentTransfer result=\"shadow1\" in=\"offsetblur\">\r\n            <feFuncA type=\"linear\" slope=\"0.6\"\/> <!-- slope is the opacity of the shadow -->\r\n        <\/feComponentTransfer>\r\n        <feBlend in = \"SourceGraphic\" in2 = \"shadow1\" mode = \"normal\"\/>\r\n        <\/filter><filter id=\"blurFilter\">\r\n          <!-- filter processes -->\r\n          <feGaussianBlur in=\"SourceGraphic\" stdDeviation=\"7.5\"\/><!-- stdDeviation is amount of blur -->\r\n      <\/filter>\r\n      <filter id=\"blurFilter2\">\r\n          <!-- filter processes -->\r\n          <feGaussianBlur in=\"SourceGraphic\" stdDeviation=\"2.2\"\/><!-- stdDeviation is amount of blur -->\r\n      <\/filter>\r\n  <\/defs><desc>Created using the Donation Thermometer plugin https:\/\/wordpress.org\/plugins\/donation-thermometer\/.<\/desc><text x=\"38\" y=\"20\" class=\"therm_target\" fill=\"#000000\" dominant-baseline=\"auto\" text-anchor=\"middle\">$40,000<\/text><path d=\"M38 25.5 C 28 25.5, 20 30, 20 36 L 20 251 C 15.5 255, 13 262, 13 268 C 13 282, 24 293, 38 293 C 52 293, 63 282, 63 268 C 63 262, 60 255, 56 251 L 56 36 C 56 30, 48 25.5, 38 25.5\" style=\"fill: transparent;; stroke-opacity: 0!important;\"><title>Raised $85,117 towards the $40,000 target.<\/title><\/path><path d=\"M20 36 L 20 251 C 15.5 255, 13 262, 13 268 C 13 282, 24 293, 38 293 C 52 293, 63 282, 63 268 C 63 262, 60 255, 56 251 L 56 36 C 56 30, 48 25.5, 38 25.5 C 28 25.5, 20 30, 20 36\" style=\"stroke-width: 0;\" fill=\"url(#ThermGrad_#d7191c_#d7191c)\"\/><path d=\"M 58 36, 63 31, 63 41 Z\" class=\"therm_arrow\"\/><text x=\"66\" y=\"36\" class=\"therm_raised\" text-anchor=\"start\" dominant-baseline=\"central\" fill=\"#000000\">$85,117<\/text><path d=\"M 56 36 L 43 36 M 56 78 L 43 78 M56 120 L 43 120 M 56 162 L 43 162 M 56 204 L 43 204 M 56 246 L 43 246\" class=\"therm_majorTick\"\/><path d=\"M 56 57 L 50 57 M 56 99 L 50 99 M 56 141 L 50 141 M 56 183 L 50 183 M 56 225 L 50 225\" class=\"therm_minorTick\" \/><path d=\"M38 25.5 C 28 25.5, 20 30, 20 36 L 20 251 C 15.5 255, 13 262, 13 268 C 13 282, 24 293, 38 293 C 52 293, 63 282, 63 268 C 63 262, 60 255, 56 251 L 56 36 C 56 30, 48 25.5, 38 25.5\" class=\"therm_border\"><title>Raised $85,117 towards the $40,000 target.<\/title><\/path><text x=\"38\" y=\"274\" class=\"therm_percent\" style=\"font-size: 15px\" text-anchor=\"middle\" fill=\"#000000\">213%<\/text><\/svg><\/div>\n<p>[\/et_pb_text][et_pb_text _builder_version=\u00a0\u00bb4.24.3&Prime; _module_preset=\u00a0\u00bbdefault\u00a0\u00bb global_colors_info=\u00a0\u00bb{}\u00a0\u00bb]<\/p>\n<h2><span style=\"color: #000000;\">DONS<\/span><\/h2>\n<p>[\/et_pb_text][et_pb_text _builder_version=\u00a0\u00bb4.27.4&Prime; _module_preset=\u00a0\u00bbdefault\u00a0\u00bb module_alignment=\u00a0\u00bbright\u00a0\u00bb custom_margin=\u00a0\u00bb2px||0px||false|false\u00a0\u00bb custom_padding=\u00a0\u00bb2px||0px||false|false\u00a0\u00bb global_colors_info=\u00a0\u00bb{}\u00a0\u00bb]<\/p>\n<style>\r\n\t.thermometer_svg{}\r\n\t.therm_target{font-size: 16px; font-family: inherit; text-anchor: middle;}\r\n\t.therm_raised{font-size: 14px; font-family: inherit;}\r\n\t.therm_percent{font-family: inherit; text-anchor: middle; font-weight: bold;}\r\n\t.therm_subTarget{font-size: 14px; font-family: inherit;}\r\n\t.therm_legend{font-size: 12px; font-family: inherit;}\r\n\t.therm_majorTick{stroke-width: 2.5px; stroke: #000;}\r\n\t.therm_minorTick{stroke-width: 2.5px; stroke: #000;}\r\n\t.therm_border{stroke-width: 1.5px; stroke: #000; fill: transparent;}\r\n\t.therm_subTargetArrow{stroke: #8a8a8a; stroke-width: 0.2px; fill: #8a8a8a;}\r\n    .therm_raisedLevel{stroke-width: 1px; stroke: #000;}\r\n\t.therm_subRaisedLevel{stroke-width: 1px; stroke: #000;}\r\n\t.therm_arrow{stroke: #000; stroke-width: 0.2px; fill: #000;}\r\n\t.therm_subTargetLevel{stroke-width: 2.5px; stroke: #8a8a8a;}\r\n\t<\/style><div style=\"margin-bottom: 1.5em; height: 533px; width: 216.69508196721px; display:block; float:left;\"><svg xmlns=\"http:\/\/www.w3.org\/tr\/svg\" version=\"2\" x=0 y=0 width=\"216.69508196721\" height=\"533\" viewbox=\"0 0 124 305\" alt=\"Raised $4,195 towards the $20,000 target.\" preserveAspectRatio=\"xMidYMid\" class=\"thermometer_svg\"><defs><linearGradient id=\"ThermGrad_#d7191c_#d7191c\" x1=\"0\" x2=\"0\" y1=\"0\" y2=\"1\">\r\n          <stop style=\"stop-color: #d7191c\" offset=\"0%\" \/>\r\n          <stop style=\"stop-color: #d7191c\" offset=\"100%\" \/>\r\n        <\/linearGradient><filter id=\"f1\" x=\"-20%\" y=\"-20%\" height=\"150%\" width=\"150%\" filterUnits=\"objectBoundingBox\">\r\n        <feGaussianBlur in=\"SourceAlpha\" stdDeviation=\"3\" result=\"shadow\"\/> <!-- stdDeviation is how much to blur -->\r\n        <feOffset dx=\"1.8\" dy=\"1.8\" result=\"offsetblur\" in=\"shadow\"\/> <!-- how much to offset -->\r\n        <feComponentTransfer result=\"shadow1\" in=\"offsetblur\">\r\n            <feFuncA type=\"linear\" slope=\"0.6\"\/> <!-- slope is the opacity of the shadow -->\r\n        <\/feComponentTransfer>\r\n        <feBlend in = \"SourceGraphic\" in2 = \"shadow1\" mode = \"normal\"\/>\r\n        <\/filter><filter id=\"blurFilter\">\r\n          <!-- filter processes -->\r\n          <feGaussianBlur in=\"SourceGraphic\" stdDeviation=\"7.5\"\/><!-- stdDeviation is amount of blur -->\r\n      <\/filter>\r\n      <filter id=\"blurFilter2\">\r\n          <!-- filter processes -->\r\n          <feGaussianBlur in=\"SourceGraphic\" stdDeviation=\"2.2\"\/><!-- stdDeviation is amount of blur -->\r\n      <\/filter>\r\n  <\/defs><desc>Created using the Donation Thermometer plugin https:\/\/wordpress.org\/plugins\/donation-thermometer\/.<\/desc><text x=\"38\" y=\"20\" class=\"therm_target\" fill=\"#000000\" dominant-baseline=\"auto\" text-anchor=\"middle\">$20,000<\/text><path d=\"M38 25.5 C 28 25.5, 20 30, 20 36 L 20 251 C 15.5 255, 13 262, 13 268 C 13 282, 24 293, 38 293 C 52 293, 63 282, 63 268 C 63 262, 60 255, 56 251 L 56 36 C 56 30, 48 25.5, 38 25.5\" style=\"fill: transparent;; stroke-opacity: 0!important;\"><title>Raised $4,195 towards the $20,000 target.<\/title><\/path><path d=\"M20 201.9525 L 20 251 C 15.5 255, 13 262, 13 268 C 13 282, 24 293, 38 293 C 52 293, 63 282, 63  268 C 63 262, 60 255, 56 251 L 56 201.9525 L 20 201.9525\" style=\"stroke-width: 0;\" fill=\"url(#ThermGrad_#d7191c_#d7191c)\"\/><path d=\"M20 201.9525 L 56 201.9525\" class=\"therm_raisedLevel\" \/><path d=\"M 58 201.9525, 63 196.9525, 63 206.9525 Z\" class=\"therm_arrow\"\/><text x=\"66\" y=\"201.9525\" class=\"therm_raised\" text-anchor=\"start\" dominant-baseline=\"central\" fill=\"#000000\">$4,195<\/text><path d=\"M 56 36 L 43 36 M 56 78 L 43 78 M56 120 L 43 120 M 56 162 L 43 162 M 56 204 L 43 204 M 56 246 L 43 246\" class=\"therm_majorTick\"\/><path d=\"M 56 57 L 50 57 M 56 99 L 50 99 M 56 141 L 50 141 M 56 183 L 50 183 M 56 225 L 50 225\" class=\"therm_minorTick\" \/><path d=\"M38 25.5 C 28 25.5, 20 30, 20 36 L 20 251 C 15.5 255, 13 262, 13 268 C 13 282, 24 293, 38 293 C 52 293, 63 282, 63 268 C 63 262, 60 255, 56 251 L 56 36 C 56 30, 48 25.5, 38 25.5\" class=\"therm_border\"><title>Raised $4,195 towards the $20,000 target.<\/title><\/path><text x=\"38\" y=\"274\" class=\"therm_percent\" style=\"font-size: 17px\" text-anchor=\"middle\" fill=\"#000000\">21%<\/text><\/svg><\/div>\n<p>[\/et_pb_text][\/et_pb_column][et_pb_column type=\u00a0\u00bb1_2&Prime; _builder_version=\u00a0\u00bb4.21.0&Prime; _module_preset=\u00a0\u00bbdefault\u00a0\u00bb global_colors_info=\u00a0\u00bb{}\u00a0\u00bb][et_pb_text _builder_version=\u00a0\u00bb4.24.3&Prime; _module_preset=\u00a0\u00bbdefault\u00a0\u00bb global_colors_info=\u00a0\u00bb{}\u00a0\u00bb]<\/p>\n<h2>OBJECTIF GLOBAL<\/h2>\n<p>[\/et_pb_text][et_pb_text _builder_version=\u00a0\u00bb4.27.4&Prime; _module_preset=\u00a0\u00bbdefault\u00a0\u00bb custom_margin=\u00a0\u00bb2px||0px||false|false\u00a0\u00bb custom_padding=\u00a0\u00bb2px||0px||false|false\u00a0\u00bb global_colors_info=\u00a0\u00bb{}\u00a0\u00bb]<\/p>\n<style>\r\n\t.thermometer_svg{}\r\n\t.therm_target{font-size: 16px; font-family: inherit; text-anchor: middle;}\r\n\t.therm_raised{font-size: 14px; font-family: inherit;}\r\n\t.therm_percent{font-family: inherit; text-anchor: middle; font-weight: bold;}\r\n\t.therm_subTarget{font-size: 14px; font-family: inherit;}\r\n\t.therm_legend{font-size: 12px; font-family: inherit;}\r\n\t.therm_majorTick{stroke-width: 2.5px; stroke: #000;}\r\n\t.therm_minorTick{stroke-width: 2.5px; stroke: #000;}\r\n\t.therm_border{stroke-width: 1.5px; stroke: #000; fill: transparent;}\r\n\t.therm_subTargetArrow{stroke: #8a8a8a; stroke-width: 0.2px; fill: #8a8a8a;}\r\n    .therm_raisedLevel{stroke-width: 1px; stroke: #000;}\r\n\t.therm_subRaisedLevel{stroke-width: 1px; stroke: #000;}\r\n\t.therm_arrow{stroke: #000; stroke-width: 0.2px; fill: #000;}\r\n\t.therm_subTargetLevel{stroke-width: 2.5px; stroke: #8a8a8a;}\r\n\t<\/style><div style=\"margin-bottom: 1.5em; height: 533px; width: 249.89836065574px; display:block; float:left;\"><svg xmlns=\"http:\/\/www.w3.org\/tr\/svg\" version=\"2\" x=0 y=0 width=\"249.89836065574\" height=\"533\" viewbox=\"-13 0 143 305\" alt=\"Raised $89,312 towards the $150,000 target.\" preserveAspectRatio=\"xMidYMid\" class=\"thermometer_svg\"><defs><linearGradient id=\"ThermGrad_#d7191c_#d7191c\" x1=\"0\" x2=\"0\" y1=\"0\" y2=\"1\">\r\n          <stop style=\"stop-color: #d7191c\" offset=\"0%\" \/>\r\n          <stop style=\"stop-color: #d7191c\" offset=\"100%\" \/>\r\n        <\/linearGradient><filter id=\"f1\" x=\"-20%\" y=\"-20%\" height=\"150%\" width=\"150%\" filterUnits=\"objectBoundingBox\">\r\n        <feGaussianBlur in=\"SourceAlpha\" stdDeviation=\"3\" result=\"shadow\"\/> <!-- stdDeviation is how much to blur -->\r\n        <feOffset dx=\"1.8\" dy=\"1.8\" result=\"offsetblur\" in=\"shadow\"\/> <!-- how much to offset -->\r\n        <feComponentTransfer result=\"shadow1\" in=\"offsetblur\">\r\n            <feFuncA type=\"linear\" slope=\"0.6\"\/> <!-- slope is the opacity of the shadow -->\r\n        <\/feComponentTransfer>\r\n        <feBlend in = \"SourceGraphic\" in2 = \"shadow1\" mode = \"normal\"\/>\r\n        <\/filter><filter id=\"blurFilter\">\r\n          <!-- filter processes -->\r\n          <feGaussianBlur in=\"SourceGraphic\" stdDeviation=\"7.5\"\/><!-- stdDeviation is amount of blur -->\r\n      <\/filter>\r\n      <filter id=\"blurFilter2\">\r\n          <!-- filter processes -->\r\n          <feGaussianBlur in=\"SourceGraphic\" stdDeviation=\"2.2\"\/><!-- stdDeviation is amount of blur -->\r\n      <\/filter>\r\n  <\/defs><desc>Created using the Donation Thermometer plugin https:\/\/wordpress.org\/plugins\/donation-thermometer\/.<\/desc><text x=\"38\" y=\"20\" class=\"therm_target\" fill=\"#000000\" dominant-baseline=\"auto\" text-anchor=\"middle\">$150,000<\/text><path d=\"M38 25.5 C 28 25.5, 20 30, 20 36 L 20 251 C 15.5 255, 13 262, 13 268 C 13 282, 24 293, 38 293 C 52 293, 63 282, 63 268 C 63 262, 60 255, 56 251 L 56 36 C 56 30, 48 25.5, 38 25.5\" style=\"fill: transparent;; stroke-opacity: 0!important;\"><title>Raised $89,312 towards the $150,000 target.<\/title><\/path><path d=\"M20 120.9632 L 20 251 C 15.5 255, 13 262, 13 268 C 13 282, 24 293, 38 293 C 52 293, 63 282, 63  268 C 63 262, 60 255, 56 251 L 56 120.9632 L 20 120.9632\" style=\"stroke-width: 0;\" fill=\"url(#ThermGrad_#d7191c_#d7191c)\"\/><path d=\"M20 120.9632 L 56 120.9632\" class=\"therm_raisedLevel\" \/><path d=\"M 58 120.9632, 63 115.9632, 63 125.9632 Z\" class=\"therm_arrow\"\/><text x=\"66\" y=\"120.9632\" class=\"therm_raised\" text-anchor=\"start\" dominant-baseline=\"central\" fill=\"#000000\">$89,312<\/text><path d=\"M 56 36 L 43 36 M 56 78 L 43 78 M56 120 L 43 120 M 56 162 L 43 162 M 56 204 L 43 204 M 56 246 L 43 246\" class=\"therm_majorTick\"\/><path d=\"M 56 57 L 50 57 M 56 99 L 50 99 M 56 141 L 50 141 M 56 183 L 50 183 M 56 225 L 50 225\" class=\"therm_minorTick\" \/><path d=\"M38 25.5 C 28 25.5, 20 30, 20 36 L 20 251 C 15.5 255, 13 262, 13 268 C 13 282, 24 293, 38 293 C 52 293, 63 282, 63 268 C 63 262, 60 255, 56 251 L 56 36 C 56 30, 48 25.5, 38 25.5\" class=\"therm_border\"><title>Raised $89,312 towards the $150,000 target.<\/title><\/path><text x=\"38\" y=\"274\" class=\"therm_percent\" style=\"font-size: 17px\" text-anchor=\"middle\" fill=\"#000000\">60%<\/text><\/svg><\/div>\n<p>[\/et_pb_text][\/et_pb_column][\/et_pb_row][et_pb_row column_structure=\u00a0\u00bb1_2,1_2&Prime; disabled_on=\u00a0\u00bbon|on|on\u00a0\u00bb _builder_version=\u00a0\u00bb4.25.2&Prime; _module_preset=\u00a0\u00bbdefault\u00a0\u00bb disabled=\u00a0\u00bbon\u00a0\u00bb global_colors_info=\u00a0\u00bb{}\u00a0\u00bb][et_pb_column type=\u00a0\u00bb1_2&Prime; _builder_version=\u00a0\u00bb4.23.1&Prime; _module_preset=\u00a0\u00bbdefault\u00a0\u00bb global_colors_info=\u00a0\u00bb{}\u00a0\u00bb][et_pb_text _builder_version=\u00a0\u00bb4.23.1&Prime; _module_preset=\u00a0\u00bbdefault\u00a0\u00bb global_colors_info=\u00a0\u00bb{}\u00a0\u00bb]<\/p>\n<h3><strong>Pr\u00e9sidence d&rsquo;honneur<\/strong><\/h3>\n<p>[\/et_pb_text][et_pb_image src=\u00a0\u00bbhttps:\/\/www.inscriptionenligne.ca\/dixdecoeur\/wp-content\/uploads\/2023\/12\/thumbnail_Pierre-Audet-45-scaled.jpg\u00a0\u00bb title_text=\u00a0\u00bbthumbnail_Pierre Audet -45&Prime; _builder_version=\u00a0\u00bb4.23.1&Prime; _module_preset=\u00a0\u00bbdefault\u00a0\u00bb global_colors_info=\u00a0\u00bb{}\u00a0\u00bb][\/et_pb_image][\/et_pb_column][et_pb_column type=\u00a0\u00bb1_2&Prime; _builder_version=\u00a0\u00bb4.23.1&Prime; _module_preset=\u00a0\u00bbdefault\u00a0\u00bb global_colors_info=\u00a0\u00bb{}\u00a0\u00bb][et_pb_text _builder_version=\u00a0\u00bb4.23.1&Prime; _module_preset=\u00a0\u00bbdefault\u00a0\u00bb global_colors_info=\u00a0\u00bb{}\u00a0\u00bb]<\/p>\n<p><strong>Pierre Audet, Pr\u00e9sident fondateur d&rsquo;Olympe<\/strong><\/p>\n<p>Dipl\u00f4m\u00e9 de l\u2019Universit\u00e9 de Sherbrooke en sciences de la sant\u00e9 option \u00e9ducation physique ainsi que de l\u2019Universit\u00e9 de Qu\u00e9bec en administration, j\u2019ai fond\u00e9 l\u2019entreprise les Consultants Olympe au d\u00e9but des ann\u00e9es 1980 . Firme sp\u00e9cialis\u00e9e dans l\u2019implantation de programmes d\u2019activit\u00e9 physique et de mieux-\u00eatre en milieu de travail, Olympe compte plusieurs centaines de grandes corporations parmi ses clients dans tous les secteurs de l\u2019activit\u00e9 \u00e9conomique principalement au Qu\u00e9bec et au Canada. Conf\u00e9rencier lors de plusieurs colloques, grand amateur de sports de toute sorte (kitesurf, ski, v\u00e9lo et autres) la qualit\u00e9 de vie est une priorit\u00e9 pour moi, tout comme les valeurs v\u00e9hicul\u00e9es au sein de mon entreprise.<\/p>\n<p>La pratique r\u00e9guli\u00e8re de l\u2019activit\u00e9 physique m\u2019a assur\u00e9ment sauv\u00e9 la vie! Parfois il y a des facteurs physiologiques li\u00e9s \u00e0 l\u2019h\u00e9r\u00e9dit\u00e9 que l\u2019on ne contr\u00f4le pas. Apr\u00e8s plus de 10 participations cons\u00e9cutives au Grand D\u00e9fi Pierre Lavoie et la pratique de plusieurs autres sports pendant de nombreuses ann\u00e9es, un bon matin je n\u2019avais plus de force, ne serait-ce que pour pousser une tondeuse \u00e0 gazon. Un ami cardiologue m\u2019a vivement conseill\u00e9 de consulter et de passer des tests. R\u00e9sultat\u00a0: trois art\u00e8res compl\u00e8tement bloqu\u00e9es en raison de cause h\u00e9r\u00e9ditaire ! On m\u2019a expliqu\u00e9 que gr\u00e2ce \u00e0 la pratique intensive de plusieurs sports, mon c\u0153ur avait d\u00e9velopp\u00e9 au fil des ans des petits canaux sanguins pour s\u2019alimenter et ainsi compenser. Gr\u00e2ce aux excellents soins du d\u00e9partement de cardiologie du CIUSSS du Saguenay-Lac-St-Jean ainsi que la reprise de toutes mes activit\u00e9s sportives, j\u2019ai r\u00e9cup\u00e9r\u00e9 ma forme physique \u00e0 100%.<\/p>\n<p><img loading=\"lazy\" decoding=\"async\" src=\"https:\/\/www.inscriptionenligne.ca\/dixdecoeur\/wp-content\/uploads\/2023\/12\/Logo_Olympe_Carre_Bleu-150x150.png\" width=\"107\" height=\"107\" alt=\"Olympe\" class=\"wp-image-974 alignleft  size-thumbnail=\" style=\"float: left; margin: 0px 10px;\" srcset=\"https:\/\/www.inscriptionenligne.ca\/dixdecoeur\/wp-content\/uploads\/2023\/12\/Logo_Olympe_Carre_Bleu-150x150.png 150w, https:\/\/www.inscriptionenligne.ca\/dixdecoeur\/wp-content\/uploads\/2023\/12\/Logo_Olympe_Carre_Bleu-300x300.png 300w, https:\/\/www.inscriptionenligne.ca\/dixdecoeur\/wp-content\/uploads\/2023\/12\/Logo_Olympe_Carre_Bleu-768x770.png 768w, https:\/\/www.inscriptionenligne.ca\/dixdecoeur\/wp-content\/uploads\/2023\/12\/Logo_Olympe_Carre_Bleu.png 900w\" sizes=\"(max-width: 107px) 100vw, 107px\" \/>C\u2019est pourquoi je suis fier d\u2019\u00eatre porte-parole et de m\u2019impliquer davantage dans l\u2019\u00e9v\u00e9nement de la course du Dix de c\u0153ur 2024. Je crois fortement que c\u2019est \u00e0 mon tour d\u2019apporter l\u2019aide que je peux offrir au service de cardiologie de la r\u00e9gion.<\/p>\n<p>&nbsp;<\/p>\n<p>[\/et_pb_text][\/et_pb_column][\/et_pb_row][et_pb_row _builder_version=\u00a0\u00bb4.16&Prime; _module_preset=\u00a0\u00bbdefault\u00a0\u00bb global_colors_info=\u00a0\u00bb{}\u00a0\u00bb][et_pb_column type=\u00a0\u00bb4_4&Prime; _builder_version=\u00a0\u00bb4.16&Prime; _module_preset=\u00a0\u00bbdefault\u00a0\u00bb global_colors_info=\u00a0\u00bb{}\u00a0\u00bb][et_pb_divider _builder_version=\u00a0\u00bb4.16&Prime; _module_preset=\u00a0\u00bbdefault\u00a0\u00bb global_colors_info=\u00a0\u00bb{}\u00a0\u00bb][\/et_pb_divider][et_pb_countdown_timer title=\u00a0\u00bbAVANT LA COURSE\u00a0\u00bb date_time=\u00a0\u00bb2026-05-09 00:00&Prime; disabled_on=\u00a0\u00bboff|off|off\u00a0\u00bb _builder_version=\u00a0\u00bb4.27.4&Prime; _module_preset=\u00a0\u00bbdefault\u00a0\u00bb global_colors_info=\u00a0\u00bb{}\u00a0\u00bb][\/et_pb_countdown_timer][\/et_pb_column][\/et_pb_row][et_pb_row column_structure=\u00a0\u00bb1_2,1_2&Prime; disabled_on=\u00a0\u00bbon|on|on\u00a0\u00bb _builder_version=\u00a0\u00bb4.16&Prime; _module_preset=\u00a0\u00bbdefault\u00a0\u00bb disabled=\u00a0\u00bbon\u00a0\u00bb global_colors_info=\u00a0\u00bb{}\u00a0\u00bb][et_pb_column type=\u00a0\u00bb1_2&Prime; _builder_version=\u00a0\u00bb4.16&Prime; _module_preset=\u00a0\u00bbdefault\u00a0\u00bb global_colors_info=\u00a0\u00bb{}\u00a0\u00bb][et_pb_text _builder_version=\u00a0\u00bb4.16&Prime; _module_preset=\u00a0\u00bbdefault\u00a0\u00bb global_colors_info=\u00a0\u00bb{}\u00a0\u00bb]<\/p>\n<p>ici<\/p>\n<p>[\/et_pb_text][\/et_pb_column][et_pb_column type=\u00a0\u00bb1_2&Prime; _builder_version=\u00a0\u00bb4.16&Prime; _module_preset=\u00a0\u00bbdefault\u00a0\u00bb global_colors_info=\u00a0\u00bb{}\u00a0\u00bb][et_pb_image _builder_version=\u00a0\u00bb4.16&Prime; _module_preset=\u00a0\u00bbdefault\u00a0\u00bb global_colors_info=\u00a0\u00bb{}\u00a0\u00bb][\/et_pb_image][\/et_pb_column][\/et_pb_row][\/et_pb_section][et_pb_section fb_built=\u00a0\u00bb1&Prime; _builder_version=\u00a0\u00bb4.16&Prime; _module_preset=\u00a0\u00bbdefault\u00a0\u00bb custom_margin=\u00a0\u00bb5px||5px||false|false\u00a0\u00bb custom_padding=\u00a0\u00bb0px||0px||false|false\u00a0\u00bb global_colors_info=\u00a0\u00bb{}\u00a0\u00bb][et_pb_row _builder_version=\u00a0\u00bb4.16&Prime; _module_preset=\u00a0\u00bbdefault\u00a0\u00bb custom_margin=\u00a0\u00bb5px||5px||false|false\u00a0\u00bb custom_padding=\u00a0\u00bb0px||0px||false|false\u00a0\u00bb global_colors_info=\u00a0\u00bb{}\u00a0\u00bb][et_pb_column type=\u00a0\u00bb4_4&Prime; _builder_version=\u00a0\u00bb4.16&Prime; _module_preset=\u00a0\u00bbdefault\u00a0\u00bb global_colors_info=\u00a0\u00bb{}\u00a0\u00bb][et_pb_image src=\u00a0\u00bbhttps:\/\/www.inscriptionenligne.ca\/dixdecoeur\/wp-content\/uploads\/2024\/10\/DSC_6917-2.jpg\u00a0\u00bb title_text=\u00a0\u00bbDSC_6917-2&Prime; align=\u00a0\u00bbcenter\u00a0\u00bb _builder_version=\u00a0\u00bb4.27.2&Prime; _module_preset=\u00a0\u00bbdefault\u00a0\u00bb global_colors_info=\u00a0\u00bb{}\u00a0\u00bb][\/et_pb_image][et_pb_video src=\u00a0\u00bbhttps:\/\/www.youtube.com\/watch?v=M38vJ1HKvow\u00a0\u00bb image_src=\u00a0\u00bbhttps:\/\/www.inscriptionenligne.ca\/dixdecoeur\/wp-content\/uploads\/2021\/02\/IMAGE2019-1.jpg\u00a0\u00bb disabled_on=\u00a0\u00bbon|on|on\u00a0\u00bb _builder_version=\u00a0\u00bb4.16&Prime; _module_preset=\u00a0\u00bbdefault\u00a0\u00bb custom_margin=\u00a0\u00bb5px||5px||false|false\u00a0\u00bb custom_padding=\u00a0\u00bb0px||0px||false|false\u00a0\u00bb disabled=\u00a0\u00bbon\u00a0\u00bb global_colors_info=\u00a0\u00bb{}\u00a0\u00bb][\/et_pb_video][\/et_pb_column][\/et_pb_row][\/et_pb_section]<\/p>\n","protected":false},"excerpt":{"rendered":"<p>INSCRIPTIONS\u00a0 INDIVIDUELLE MULTIPLE DON D\u00c9FI \u00c9QUIPE&#8230;<\/p>\n","protected":false},"author":1,"featured_media":0,"parent":0,"menu_order":0,"comment_status":"closed","ping_status":"closed","template":"","meta":{"_et_pb_use_builder":"on","_et_pb_old_content":"<p><strong>Page d\u2019inscription Le Dix de Coeur - 37i\u00e8me \u00e9dition.<\/strong><\/p><p><strong>Nous sommes dans l'obligation d'annuler notre \u00e9v\u00e9nement pour 2020 en raison de la pand\u00e9mie du COVID-19 .\u00a0 \u00c0 l'an prochain..<\/strong><\/p><p><strong>Les participants inscrits recevront une infolettre sous peu leur indiquant les options qui s'offrent \u00e0 eux.<\/strong><\/p><p><!--<strong>Le Dix\u00a0de Coeur est une activit\u00e9 de financement de l\u2019organisme sans but lucratif<a href=\"http:\/\/www.cardioforme.com\/\">\u00a0 CARDI-O-FORME inc.<\/a><\/strong><\/p>\r\n<p><strong>Joignez-vous \u00e0 des centaines de coureurs et de marcheurs afin de soutenir les activit\u00e9s de r\u00e9adaptation des maladies chroniques de CARDI-O-FORME.<\/strong><\/p>\r\n<p><img class=\"alignright wp-image-726\" src=\"https:\/\/www.inscriptionenligne.ca\/dixdecoeur\/wp-content\/uploads\/2019\/03\/buffdixdecoeur.jpg\" alt=\"\" width=\"117\" height=\"132\" \/><\/p>\r\n<p><strong>Les enfants recevront un buff \u00e0 l'effigie de la course gratuitement<\/strong><\/p>\r\n<p><span style=\"color: #ff0000;\"><strong>Nouveaut\u00e9s :<\/strong><\/span><\/p>\r\n<ul>\r\n<li><strong>Un tout nouveau parcours, une boucle de 5 km dans un nouveau secteur.<\/strong><\/li>\r\n<li><strong>Compris dans votre inscription :\u00a0\u00a0Menu traiteur pour l'apr\u00e8s course : Tourti\u00e8re, salade, sandwich, salade de fruit , galettes.<\/strong><\/li>\r\n<li><span style=\"color: #ff0000;\"><strong>Le d\u00e9part se fera au CENTRE GEORGES-V\u00c9ZINA<\/strong><\/span><img class=\"wp-image-760 alignright\" src=\"https:\/\/www.inscriptionenligne.ca\/dixdecoeur\/wp-content\/uploads\/2020\/02\/bouteille.png\" alt=\"\" width=\"50\" height=\"132\" \/><\/li>\r\n<\/ul>\r\n<p><strong>Apportez votre bouteille d'eau ou achetez-en une sur place au co\u00fbt de 20$ au profit de CARDI-O-FORME<\/strong><\/p>\r\n<p><strong>Pr\u00e9-inscription sur Internet jusqu\u2019au 30 avril 2020 \u00e0 23h59m59s (minuit)<\/strong><\/p>\r\n<p><strong>Inscrivez-vous maintenant par internet :\u00a0<\/strong><\/p>\r\n<p><strong>[button link=\"https:\/\/www.inscriptionenligne.ca\/dixdecoeur\/inscription-en-ligne\/\"]Individuel[\/button][button link=\"https:\/\/www.inscriptionenligne.ca\/dixdecoeur\/inscription-en-ligne-2\/\" color=\"red\"]Familial[\/button][button link=\"https:\/\/www.inscriptionenligne.ca\/dixdecoeur\/defi-equipe\/\" color=\"orange\"]Entreprise en forme - D\u00e9fi \u00c9quipe 4 \u00e0 6 personnes[\/button]<\/strong><\/p>\r\n<p>[box size=\"large\"]<\/p>\r\n<h2><strong>Entreprise en Forme<\/strong><\/h2>\r\n<h3><span style=\"color: #ff0000;\">Faite battre le c\u0153ur de votre entreprise\u00a0<\/span><\/h3>\r\n<p>CARDI-O-FORME incite les entreprises de la r\u00e9gion \u00e0 participer \u00e0 la 37e \u00e9dition de la marche\/course du Dix de C\u0153ur o\u00f9 sport et engagement social sont associ\u00e9s.<\/p>\r\n<p>Fort de la r\u00e9ussite des ann\u00e9es ant\u00e9rieures, les organisateurs ont d\u00e9cid\u00e9 de solliciter les entreprises et de lancer un volet \u00e9quipe \u00e0 l\u2019\u00e9v\u00e8nement. Pour ce faire, nous vous invitons \u00e0 former une ou des \u00e9quipes de <strong>4 \u00e0 6 personnes<\/strong>. Le co\u00fbt d\u2019inscription pour une \u00e9quipe est de 230$.<\/p>\r\n<p>Lors de cette journ\u00e9e <strong>une serviette de sport sublim\u00e9e ( identique \u00e0 la photo\u00a0<\/strong><strong>)<\/strong> sera remise en cadeau \u00e0 chaque participant faisant partie d\u2019une \u00e9quipe inscrite. Un re\u00e7u pour don de charit\u00e9 sera \u00e9galement remis aux entreprises. Vous d\u00e9sirez afficher votre entreprise inscrite pendant l'\u00e9v\u00e9nement ?<img class=\"alignright wp-image-773 \" src=\"https:\/\/www.inscriptionenligne.ca\/dixdecoeur\/wp-content\/uploads\/2020\/02\/serviette-1.png\" alt=\"\" width=\"204\" height=\"220\" \/><\/p>\r\n<p>Communiquez avec Val\u00e9rie Boudreault, Coordonnatrice \u00e0 l'adresse suivante : <a href=\"mailto:cardioforme@hotmail.com\">cardioforme@hotmail.com<\/a>.<\/p>\r\n<p><strong><em>Sport, engagement social, coh\u00e9sion d\u2019\u00e9quipe, toutes les raisons sont bonnes pour participer au Dix de C\u0153ur!<\/em><\/strong>[\/box]<\/p>\r\n<p><strong>Tableau des frais d\u2019inscription ($CAD)<\/strong><\/p>\r\n<p>[table id=1 \/]<\/p>\r\n<p><strong>M\u00e9dailles:<\/strong><\/p>\r\n<p><strong>Trois premi\u00e8res places pour les cat\u00e9gories suivantes:<\/strong><\/p>\r\n<p><strong>Hommes 5 km marche sportive<\/strong><br \/>\r\n<strong>Femmes 5 km marche sportive<br \/>\r\n<\/strong><strong>Hommes\u00a05 km course<\/strong><br \/>\r\n<strong>Femmes 5 km course<\/strong><br \/>\r\n<strong>Hommes 10 km course<\/strong><br \/>\r\n<strong>Femmes 10 km course<\/strong><br \/>\r\n<strong>Filles 1 km course<\/strong><br \/>\r\n<strong>Gar\u00e7ons 1 km course<\/strong><br \/>\r\n<strong>Filles 3 km course<\/strong><br \/>\r\n<strong>Gar\u00e7ons 3 km course<\/strong>--><\/p>","_et_gb_content_width":"","footnotes":""},"class_list":["post-23","page","type-page","status-publish","hentry"],"_links":{"self":[{"href":"https:\/\/www.inscriptionenligne.ca\/dixdecoeur\/wp-json\/wp\/v2\/pages\/23","targetHints":{"allow":["GET"]}}],"collection":[{"href":"https:\/\/www.inscriptionenligne.ca\/dixdecoeur\/wp-json\/wp\/v2\/pages"}],"about":[{"href":"https:\/\/www.inscriptionenligne.ca\/dixdecoeur\/wp-json\/wp\/v2\/types\/page"}],"author":[{"embeddable":true,"href":"https:\/\/www.inscriptionenligne.ca\/dixdecoeur\/wp-json\/wp\/v2\/users\/1"}],"replies":[{"embeddable":true,"href":"https:\/\/www.inscriptionenligne.ca\/dixdecoeur\/wp-json\/wp\/v2\/comments?post=23"}],"version-history":[{"count":179,"href":"https:\/\/www.inscriptionenligne.ca\/dixdecoeur\/wp-json\/wp\/v2\/pages\/23\/revisions"}],"predecessor-version":[{"id":1546,"href":"https:\/\/www.inscriptionenligne.ca\/dixdecoeur\/wp-json\/wp\/v2\/pages\/23\/revisions\/1546"}],"wp:attachment":[{"href":"https:\/\/www.inscriptionenligne.ca\/dixdecoeur\/wp-json\/wp\/v2\/media?parent=23"}],"curies":[{"name":"wp","href":"https:\/\/api.w.org\/{rel}","templated":true}]}}